{"id":983,"date":"2024-12-03T14:58:11","date_gmt":"2024-12-03T13:58:11","guid":{"rendered":"https:\/\/debiestraatseweide.nl\/ueber-uns\/"},"modified":"2025-10-07T16:21:36","modified_gmt":"2025-10-07T14:21:36","slug":"ueber-uns","status":"publish","type":"page","link":"https:\/\/debiestraatseweide.nl\/de\/ueber-uns\/","title":{"rendered":"\u00dcber uns"},"content":{"rendered":"\t\t<div data-elementor-type=\"wp-page\" data-elementor-id=\"983\" class=\"elementor elementor-983 elementor-76\" data-elementor-post-type=\"page\">\n\t\t\t\t<div class=\"elementor-element elementor-element-a6fec52 e-flex e-con-boxed e-con e-parent\" data-id=\"a6fec52\" data-element_type=\"container\" data-e-type=\"container\" data-settings=\"{&quot;background_background&quot;:&quot;classic&quot;}\">\n\t\t\t\t\t<div class=\"e-con-inner\">\n\t\t\t\t<div class=\"elementor-element elementor-element-e5f061f elementor-widget elementor-widget-elementskit-heading\" data-id=\"e5f061f\" data-element_type=\"widget\" data-e-type=\"widget\" data-widget_type=\"elementskit-heading.default\">\n\t\t\t\t<div class=\"elementor-widget-container\">\n\t\t\t\t\t<div class=\"ekit-wid-con\" ><div class=\"ekit-heading elementskit-section-title-wraper text_left   ekit_heading_tablet-   ekit_heading_mobile-text_center\"><h1 class=\"ekit-heading--title elementskit-section-title \"><span>Over<\/span><span>uns<\/h1><\/div><\/div>\t\t\t\t<\/div>\n\t\t\t\t<\/div>\n\t\t\t\t<div class=\"elementor-element elementor-element-4bab961 elementor-widget elementor-widget-breadcrumbs\" data-id=\"4bab961\" data-element_type=\"widget\" data-e-type=\"widget\" data-widget_type=\"breadcrumbs.default\">\n\t\t\t\t<div class=\"elementor-widget-container\">\n\t\t\t\t\t<p id=\"breadcrumbs\"><span><span><a href=\"https:\/\/debiestraatseweide.nl\/de\/startseite\/\">Home<\/a><\/span><\/span><\/p>\t\t\t\t<\/div>\n\t\t\t\t<\/div>\n\t\t\t\t\t<\/div>\n\t\t\t\t<\/div>\n\t\t<div class=\"elementor-element elementor-element-5e1d522 e-flex e-con-boxed e-con e-parent\" data-id=\"5e1d522\" data-element_type=\"container\" data-e-type=\"container\" data-settings=\"{&quot;background_background&quot;:&quot;classic&quot;}\">\n\t\t\t\t\t<div class=\"e-con-inner\">\n\t\t<div class=\"elementor-element elementor-element-2d3eb56f e-con-full e-flex e-con e-child\" data-id=\"2d3eb56f\" data-element_type=\"container\" data-e-type=\"container\">\n\t\t\t\t<div class=\"elementor-element elementor-element-67a9af67 elementor-widget elementor-widget-heading\" data-id=\"67a9af67\" data-element_type=\"widget\" data-e-type=\"widget\" data-widget_type=\"heading.default\">\n\t\t\t\t<div class=\"elementor-widget-container\">\n\t\t\t\t\t<div class=\"elementor-heading-title elementor-size-default\">\u00dcber die Eigent\u00fcmer<\/div>\t\t\t\t<\/div>\n\t\t\t\t<\/div>\n\t\t\t\t<div class=\"elementor-element elementor-element-2a40639d animated-slow elementor-invisible elementor-widget elementor-widget-elementskit-heading\" data-id=\"2a40639d\" data-element_type=\"widget\" data-e-type=\"widget\" data-settings=\"{&quot;_animation&quot;:&quot;fadeInUp&quot;}\" data-widget_type=\"elementskit-heading.default\">\n\t\t\t\t<div class=\"elementor-widget-container\">\n\t\t\t\t\t<div class=\"ekit-wid-con\" ><div class=\"ekit-heading elementskit-section-title-wraper text_left   ekit_heading_tablet-   ekit_heading_mobile-\"><h3 class=\"ekit-heading--title elementskit-section-title \">Ein St\u00fcck Geschichte<\/h3><\/div><\/div>\t\t\t\t<\/div>\n\t\t\t\t<\/div>\n\t\t\t\t<div class=\"elementor-element elementor-element-3f63444 elementor-widget elementor-widget-text-editor\" data-id=\"3f63444\" data-element_type=\"widget\" data-e-type=\"widget\" data-widget_type=\"text-editor.default\">\n\t\t\t\t<div class=\"elementor-widget-container\">\n\t\t\t\t\t\t\t\t\t<p>Wir sind Rianne und Adriaan und wir sind die 4. Generation der Familie van Hoek, die auf dem Bauernhof de Biestraatse Weide lebt.<\/p><p>Adriaans Urgro\u00dfvater begann 1904 auf dem Hof mit dem Melken von K\u00fchen. Auch wir haben hier bis vor kurzem Milchk\u00fche gemolken. <\/p><p>Aufgrund strengerer Vorschriften und mangelnder Nachfolge haben wir beschlossen, eine neue Herausforderung anzunehmen. Inspiriert von der wundersch\u00f6nen Umgebung von Grensland de Baronie und den weiten Aussichten, wurde die Idee geboren, ein B&amp;B zu er\u00f6ffnen. <\/p><p>In den ehemaligen Stallungen wurden Wohnungen eingerichtet und im hinteren Teil des Bauernhofs haben wir einen Garten mit einem Obstgarten und Terrassen angelegt, damit die G\u00e4ste in Ruhe die weite Aussicht genie\u00dfen k\u00f6nnen.<\/p>\t\t\t\t\t\t\t\t<\/div>\n\t\t\t\t<\/div>\n\t\t\t\t<div class=\"elementor-element elementor-element-248fe6a elementor-widget elementor-widget-button\" data-id=\"248fe6a\" data-element_type=\"widget\" data-e-type=\"widget\" data-widget_type=\"button.default\">\n\t\t\t\t<div class=\"elementor-widget-container\">\n\t\t\t\t\t\t\t\t\t<div class=\"elementor-button-wrapper\">\n\t\t\t\t\t<a class=\"elementor-button elementor-button-link elementor-size-sm\" href=\"https:\/\/debiestraatseweide.nl\/de\/unterkunft-buchen\/\">\n\t\t\t\t\t\t<span class=\"elementor-button-content-wrapper\">\n\t\t\t\t\t\t\t\t\t<span class=\"elementor-button-text\">Werden Sie kommen und sich mit uns am\u00fcsieren?<\/span>\n\t\t\t\t\t<\/span>\n\t\t\t\t\t<\/a>\n\t\t\t\t<\/div>\n\t\t\t\t\t\t\t\t<\/div>\n\t\t\t\t<\/div>\n\t\t\t\t<\/div>\n\t\t<div class=\"elementor-element elementor-element-37eab441 e-con-full animated-slow e-flex elementor-invisible e-con e-child\" data-id=\"37eab441\" data-element_type=\"container\" data-e-type=\"container\" data-settings=\"{&quot;animation&quot;:&quot;fadeInRight&quot;}\">\n\t\t\t\t<div class=\"elementor-element elementor-element-a85b489 elementor-widget__width-initial elementor-widget-mobile__width-initial elementor-widget elementor-widget-elementskit-funfact\" data-id=\"a85b489\" data-element_type=\"widget\" data-e-type=\"widget\" data-widget_type=\"elementskit-funfact.default\">\n\t\t\t\t<div class=\"elementor-widget-container\">\n\t\t\t\t\t<div class=\"ekit-wid-con\" >\n\t\t<div class=\"elementskit-funfact text-center     \">\n\t\t\t\n\t\t\t<div class=\"elementskit-funfact-inner position_top\">\n\t\t\t\t\t\t\t\t\t<div class=\"funfact-icon\">\n\t\t\t\t\t\t\t\t\t\t\t<\/div>\n\t\t\t\t\n\t\t\t\t<div class=\"funfact-content\">\n\t\t\t\t\t<div class=\"number-percentage-wraper\">\n\t\t\t\t\t\t\t\t\t\t\t\t<span class=\"number-percentage\"\n\t\t\t\t\t\t      data-value=\"4\"\n\t\t\t\t\t\t      data-animation-duration=\"3500\"\n\t\t\t\t\t\t\t  data-style=\"static\">0<\/span>\n\t\t\t\t\t\t\t\t\t\t\t\t\t\t\t\t\t<\/div>\n\n\t\t\t\t\t<h3 class=\"funfact-title\">Generationen<\/h3>\t\t\t\t\t\t\t\t<\/div>\n\t\t<\/div>\n\t\t<\/div>\n\n\n\t\t<\/div>\t\t\t\t<\/div>\n\t\t\t\t<\/div>\n\t\t\t\t<div class=\"elementor-element elementor-element-1daad740 elementor-widget elementor-widget-image\" data-id=\"1daad740\" data-element_type=\"widget\" data-e-type=\"widget\" data-widget_type=\"image.default\">\n\t\t\t\t<div class=\"elementor-widget-container\">\n\t\t\t\t\t\t\t\t\t\t\t\t\t\t\t<img fetchpriority=\"high\" decoding=\"async\" width=\"800\" height=\"533\" src=\"https:\/\/debiestraatseweide.nl\/wp-content\/uploads\/2025\/04\/familie-van-hoek-bed-and-breakfast-de-biestraatse-weide-in-gilze.jpg\" class=\"attachment-full size-full wp-image-1374\" alt=\"\" srcset=\"https:\/\/debiestraatseweide.nl\/wp-content\/uploads\/2025\/04\/familie-van-hoek-bed-and-breakfast-de-biestraatse-weide-in-gilze.jpg 800w, https:\/\/debiestraatseweide.nl\/wp-content\/uploads\/2025\/04\/familie-van-hoek-bed-and-breakfast-de-biestraatse-weide-in-gilze-300x200.jpg 300w, https:\/\/debiestraatseweide.nl\/wp-content\/uploads\/2025\/04\/familie-van-hoek-bed-and-breakfast-de-biestraatse-weide-in-gilze-768x512.jpg 768w\" sizes=\"(max-width: 800px) 100vw, 800px\" \/>\t\t\t\t\t\t\t\t\t\t\t\t\t\t\t<\/div>\n\t\t\t\t<\/div>\n\t\t\t\t<\/div>\n\t\t\t\t\t<\/div>\n\t\t\t\t<\/div>\n\t\t<div class=\"elementor-element elementor-element-b1c3e2c e-flex e-con-boxed e-con e-parent\" data-id=\"b1c3e2c\" data-element_type=\"container\" data-e-type=\"container\" data-settings=\"{&quot;background_background&quot;:&quot;classic&quot;}\">\n\t\t\t\t\t<div class=\"e-con-inner\">\n\t\t<div class=\"elementor-element elementor-element-b606226 e-con-full e-flex e-con e-child\" data-id=\"b606226\" data-element_type=\"container\" data-e-type=\"container\">\n\t\t\t\t<div class=\"elementor-element elementor-element-2e0931f elementor-testimonial--align-left elementor-testimonial--skin-default elementor-testimonial--layout-image_inline elementor-pagination-type-bullets elementor-widget elementor-widget-testimonial-carousel\" data-id=\"2e0931f\" data-element_type=\"widget\" data-e-type=\"widget\" data-settings=\"{&quot;slides_per_view&quot;:&quot;1&quot;,&quot;slides_to_scroll&quot;:&quot;1&quot;,&quot;lazyload&quot;:&quot;yes&quot;,&quot;pagination&quot;:&quot;bullets&quot;,&quot;speed&quot;:500,&quot;autoplay&quot;:&quot;yes&quot;,&quot;autoplay_speed&quot;:5000,&quot;loop&quot;:&quot;yes&quot;,&quot;pause_on_hover&quot;:&quot;yes&quot;,&quot;pause_on_interaction&quot;:&quot;yes&quot;,&quot;space_between&quot;:{&quot;unit&quot;:&quot;px&quot;,&quot;size&quot;:10,&quot;sizes&quot;:[]},&quot;space_between_tablet&quot;:{&quot;unit&quot;:&quot;px&quot;,&quot;size&quot;:10,&quot;sizes&quot;:[]},&quot;space_between_mobile&quot;:{&quot;unit&quot;:&quot;px&quot;,&quot;size&quot;:10,&quot;sizes&quot;:[]}}\" data-widget_type=\"testimonial-carousel.default\">\n\t\t\t\t<div class=\"elementor-widget-container\">\n\t\t\t\t\t\t\t\t\t<div class=\"elementor-swiper\">\n\t\t\t\t\t<div class=\"elementor-main-swiper swiper\" role=\"region\" aria-roledescription=\"carousel\" aria-label=\"Slides\">\n\t\t\t\t<div class=\"swiper-wrapper\">\n\t\t\t\t\t\t\t\t\t\t\t<div class=\"swiper-slide\" role=\"group\" aria-roledescription=\"slide\">\n\t\t\t\t\t\t\t\t\t<div class=\"elementor-testimonial\">\n\t\t\t\t\t\t\t<div class=\"elementor-testimonial__content\">\n\t\t\t\t\t<div class=\"elementor-testimonial__text\">\n\t\t\t\t\t\t<p><b>Ein herrlicher Aufenthalt in einer wundersch\u00f6nen Umgebung!<\/b><\/p>\n<p>Wir haben unseren Aufenthalt im B&amp;B De Biestraatse Weide sehr genossen. Die Wohnungen sind ger\u00e4umig, stilvoll eingerichtet und komplett ausgestattet. Das Bett war herrlich und die luxuri\u00f6se Ausstattung vermittelte wirklich ein Hotelgef\u00fchl. Von unserer Unterkunft aus blickten wir auf die weiten Wiesen - ein toller Blick, um den Tag zu beginnen! Tags\u00fcber haben wir sch\u00f6ne Fahrradtouren durch die umliegenden Naturschutzgebiete unternommen und abends die Ruhe genossen. Sehr empfehlenswert f\u00fcr alle, die sich in einer komfortablen und stimmungsvollen Umgebung entspannen m\u00f6chten!     <\/p>\n\t\t\t\t\t<\/div>\n\t\t\t\t\t\t\t\t\t<\/div>\n\t\t\t\t\t\t<div class=\"elementor-testimonial__footer\">\n\t\t\t\t\t\t\t\t<cite class=\"elementor-testimonial__cite\"><span class=\"elementor-testimonial__name\">Marijke &amp; Peter<\/span><\/cite>\t\t\t<\/div>\n\t\t<\/div>\n\t\t\t\t\t\t\t\t<\/div>\n\t\t\t\t\t\t\t\t\t\t\t<div class=\"swiper-slide\" role=\"group\" aria-roledescription=\"slide\">\n\t\t\t\t\t\t\t\t\t<div class=\"elementor-testimonial\">\n\t\t\t\t\t\t\t<div class=\"elementor-testimonial__content\">\n\t\t\t\t\t<div class=\"elementor-testimonial__text\">\n\t\t\t\t\t\t<p><b>Perfekter Ort zum Entspannen<\/b> <\/p>\n<p>Was f\u00fcr ein sch\u00f6nes B&amp;B! Die Lage ist wundersch\u00f6n: mitten in der Natur, mit endlosen Rad- und Wanderwegen in unmittelbarer N\u00e4he. Wir haben die Ruhe, den weiten Blick und die Gastfreundschaft von Rianne und Adriaan genossen. Die Wohnungen sind luxuri\u00f6s und stilvoll eingerichtet, mit einem sch\u00f6nen Bett und einer gut ausgestatteten K\u00fcche. Alles strahlt Qualit\u00e4t und Komfort aus. Wir werden auf jeden Fall wiederkommen, um hier neue Energie zu tanken!     <\/p>\n\t\t\t\t\t<\/div>\n\t\t\t\t\t\t\t\t\t<\/div>\n\t\t\t\t\t\t<div class=\"elementor-testimonial__footer\">\n\t\t\t\t\t\t\t\t<cite class=\"elementor-testimonial__cite\"><span class=\"elementor-testimonial__name\">Sophie &amp; Mark  <\/span><\/cite>\t\t\t<\/div>\n\t\t<\/div>\n\t\t\t\t\t\t\t\t<\/div>\n\t\t\t\t\t\t\t\t\t\t\t<div class=\"swiper-slide\" role=\"group\" aria-roledescription=\"slide\">\n\t\t\t\t\t\t\t\t\t<div class=\"elementor-testimonial\">\n\t\t\t\t\t\t\t<div class=\"elementor-testimonial__content\">\n\t\t\t\t\t<div class=\"elementor-testimonial__text\">\n\t\t\t\t\t\t<p><b>Ein Spitzenaufenthalt mit Luxus und Natur im \u00dcberfluss!<\/b><\/p>\n<p>Wir hatten ein fantastisches Wochenende in De Biestraatse Weide! Die Wohnungen sind ger\u00e4umig, modern und sehr komfortabel und mit viel Liebe zum Detail eingerichtet. Die Kombination aus Luxus und der Ruhe der Landschaft macht diesen Ort einzigartig. Vom B&amp;B aus haben wir wundersch\u00f6ne Spazierg\u00e4nge durch die nahegelegenen Naturschutzgebiete unternommen und eine entspannende Fahrradtour durch die Region genossen. Zweifellos ist dies ein Ort, an den wir gerne wieder zur\u00fcckkehren w\u00fcrden!    <\/p>\n\t\t\t\t\t<\/div>\n\t\t\t\t\t\t\t\t\t<\/div>\n\t\t\t\t\t\t<div class=\"elementor-testimonial__footer\">\n\t\t\t\t\t\t\t\t<cite class=\"elementor-testimonial__cite\"><span class=\"elementor-testimonial__name\">Laura &amp; Erik  <\/span><\/cite>\t\t\t<\/div>\n\t\t<\/div>\n\t\t\t\t\t\t\t\t<\/div>\n\t\t\t\t\t\t\t\t\t<\/div>\n\t\t\t\t\t\t\t\t\t\t\t\t\t\t\t\t\t\t\t\t<div class=\"swiper-pagination\"><\/div>\n\t\t\t\t\t\t\t\t\t\t\t\t<\/div>\n\t\t\t\t<\/div>\n\t\t\t\t\t\t\t\t<\/div>\n\t\t\t\t<\/div>\n\t\t\t\t<\/div>\n\t\t<div class=\"elementor-element elementor-element-eed5f74 e-con-full e-flex e-con e-child\" data-id=\"eed5f74\" data-element_type=\"container\" data-e-type=\"container\">\n\t\t\t\t<div class=\"elementor-element elementor-element-520bce8 elementor-widget elementor-widget-heading\" data-id=\"520bce8\" data-element_type=\"widget\" data-e-type=\"widget\" data-widget_type=\"heading.default\">\n\t\t\t\t<div class=\"elementor-widget-container\">\n\t\t\t\t\t<div class=\"elementor-heading-title elementor-size-default\">Bewertungen<\/div>\t\t\t\t<\/div>\n\t\t\t\t<\/div>\n\t\t\t\t<div class=\"elementor-element elementor-element-bdbab20 animated-slow elementor-invisible elementor-widget elementor-widget-elementskit-heading\" data-id=\"bdbab20\" data-element_type=\"widget\" data-e-type=\"widget\" data-settings=\"{&quot;_animation&quot;:&quot;fadeInUp&quot;}\" data-widget_type=\"elementskit-heading.default\">\n\t\t\t\t<div class=\"elementor-widget-container\">\n\t\t\t\t\t<div class=\"ekit-wid-con\" ><div class=\"ekit-heading elementskit-section-title-wraper text_left   ekit_heading_tablet-   ekit_heading_mobile-\"><h3 class=\"ekit-heading--title elementskit-section-title \">Was <span><span>Unsere G\u00e4ste<\/span><\/span> \u00fcber uns sagen<\/h3><\/div><\/div>\t\t\t\t<\/div>\n\t\t\t\t<\/div>\n\t\t\t\t<div class=\"elementor-element elementor-element-89d59cc elementor-widget elementor-widget-text-editor\" data-id=\"89d59cc\" data-element_type=\"widget\" data-e-type=\"widget\" data-widget_type=\"text-editor.default\">\n\t\t\t\t<div class=\"elementor-widget-container\">\n\t\t\t\t\t\t\t\t\t<p class=\"p1\">Im B&amp;B De Biestraatse Weide tun wir alles, um unseren G\u00e4sten Komfort, Gastfreundschaft und ein unvergessliches Erlebnis zu bieten. Aber wer k\u00f6nnte besser dar\u00fcber berichten als unsere G\u00e4ste selbst? Lesen Sie die Bewertungen, um herauszufinden, wie sie ihren Aufenthalt erlebt haben, und finden Sie heraus, warum unsere G\u00e4ste gerne zu uns zur\u00fcckkommen.  <\/p>\t\t\t\t\t\t\t\t<\/div>\n\t\t\t\t<\/div>\n\t\t\t\t<div class=\"elementor-element elementor-element-efc6f3b elementor-widget elementor-widget-button\" data-id=\"efc6f3b\" data-element_type=\"widget\" data-e-type=\"widget\" data-widget_type=\"button.default\">\n\t\t\t\t<div class=\"elementor-widget-container\">\n\t\t\t\t\t\t\t\t\t<div class=\"elementor-button-wrapper\">\n\t\t\t\t\t<a class=\"elementor-button elementor-button-link elementor-size-sm\" href=\"https:\/\/debiestraatseweide.nl\/de\/unterkunft-buchen\/\">\n\t\t\t\t\t\t<span class=\"elementor-button-content-wrapper\">\n\t\t\t\t\t\t\t\t\t<span class=\"elementor-button-text\">Aufenthalt buchen<\/span>\n\t\t\t\t\t<\/span>\n\t\t\t\t\t<\/a>\n\t\t\t\t<\/div>\n\t\t\t\t\t\t\t\t<\/div>\n\t\t\t\t<\/div>\n\t\t\t\t<\/div>\n\t\t\t\t\t<\/div>\n\t\t\t\t<\/div>\n\t\t\t\t<\/div>\n\t\t","protected":false},"excerpt":{"rendered":"<p>Overuns \u00dcber die Eigent\u00fcmer Ein St\u00fcck Geschichte Wir sind Rianne und Adriaan und wir sind die 4. Generation der Familie van Hoek, die auf dem Bauernhof de Biestraatse Weide lebt. Adriaans Urgro\u00dfvater begann 1904 auf dem Hof mit dem Melken von K\u00fchen. Auch wir haben hier bis vor kurzem Milchk\u00fche gemolken. Aufgrund strengerer Vorschriften und [&hellip;]<\/p>\n","protected":false},"author":3,"featured_media":0,"parent":0,"menu_order":0,"comment_status":"closed","ping_status":"closed","template":"elementor_header_footer","meta":{"footnotes":""},"class_list":["post-983","page","type-page","status-publish","hentry"],"yoast_head":"<!-- This site is optimized with the Yoast SEO plugin v27.5 - https:\/\/yoast.com\/product\/yoast-seo-wordpress\/ -->\n<title>\u00dcber Familie van Hoek | B&amp;B de Biestraatse Weide in Gilze<\/title>\n<meta name=\"description\" content=\"Wir sind Rianne und Adriaan und wir sind die 4. Generation der Familie van Hoek, die auf dem Bauernhof de Biestraatse Weide lebt. Lernen Sie es kennen!\" \/>\n<meta name=\"robots\" content=\"index, follow, max-snippet:-1, max-image-preview:large, max-video-preview:-1\" \/>\n<link rel=\"canonical\" href=\"https:\/\/debiestraatseweide.nl\/de\/ueber-uns\/\" \/>\n<meta property=\"og:locale\" content=\"de_DE\" \/>\n<meta property=\"og:type\" content=\"article\" \/>\n<meta property=\"og:title\" content=\"\u00dcber Familie van Hoek | B&amp;B de Biestraatse Weide in Gilze\" \/>\n<meta property=\"og:description\" content=\"Wir sind Rianne und Adriaan und wir sind die 4. Generation der Familie van Hoek, die auf dem Bauernhof de Biestraatse Weide lebt. Lernen Sie es kennen!\" \/>\n<meta property=\"og:url\" content=\"https:\/\/debiestraatseweide.nl\/de\/ueber-uns\/\" \/>\n<meta property=\"og:site_name\" content=\"B&amp;B De Biestraatseweide\" \/>\n<meta property=\"article:modified_time\" content=\"2025-10-07T14:21:36+00:00\" \/>\n<meta property=\"og:image\" content=\"https:\/\/debiestraatseweide.nl\/wp-content\/uploads\/2025\/04\/familie-van-hoek-bed-and-breakfast-de-biestraatse-weide-in-gilze.jpg\" \/>\n\t<meta property=\"og:image:width\" content=\"800\" \/>\n\t<meta property=\"og:image:height\" content=\"533\" \/>\n\t<meta property=\"og:image:type\" content=\"image\/jpeg\" \/>\n<meta name=\"twitter:card\" content=\"summary_large_image\" \/>\n<meta name=\"twitter:label1\" content=\"Gesch\u00e4tzte Lesezeit\" \/>\n\t<meta name=\"twitter:data1\" content=\"2\u00a0Minuten\" \/>\n<script type=\"application\/ld+json\" class=\"yoast-schema-graph\">{\"@context\":\"https:\\\/\\\/schema.org\",\"@graph\":[{\"@type\":\"WebPage\",\"@id\":\"https:\\\/\\\/debiestraatseweide.nl\\\/de\\\/ueber-uns\\\/\",\"url\":\"https:\\\/\\\/debiestraatseweide.nl\\\/de\\\/ueber-uns\\\/\",\"name\":\"\u00dcber Familie van Hoek | B&B de Biestraatse Weide in Gilze\",\"isPartOf\":{\"@id\":\"https:\\\/\\\/debiestraatseweide.nl\\\/de\\\/#website\"},\"primaryImageOfPage\":{\"@id\":\"https:\\\/\\\/debiestraatseweide.nl\\\/de\\\/ueber-uns\\\/#primaryimage\"},\"image\":{\"@id\":\"https:\\\/\\\/debiestraatseweide.nl\\\/de\\\/ueber-uns\\\/#primaryimage\"},\"thumbnailUrl\":\"https:\\\/\\\/debiestraatseweide.nl\\\/wp-content\\\/uploads\\\/2025\\\/04\\\/familie-van-hoek-bed-and-breakfast-de-biestraatse-weide-in-gilze.jpg\",\"datePublished\":\"2024-12-03T13:58:11+00:00\",\"dateModified\":\"2025-10-07T14:21:36+00:00\",\"description\":\"Wir sind Rianne und Adriaan und wir sind die 4. Generation der Familie van Hoek, die auf dem Bauernhof de Biestraatse Weide lebt. Lernen Sie es kennen!\",\"breadcrumb\":{\"@id\":\"https:\\\/\\\/debiestraatseweide.nl\\\/de\\\/ueber-uns\\\/#breadcrumb\"},\"inLanguage\":\"de\",\"potentialAction\":[{\"@type\":\"ReadAction\",\"target\":[\"https:\\\/\\\/debiestraatseweide.nl\\\/de\\\/ueber-uns\\\/\"]}]},{\"@type\":\"ImageObject\",\"inLanguage\":\"de\",\"@id\":\"https:\\\/\\\/debiestraatseweide.nl\\\/de\\\/ueber-uns\\\/#primaryimage\",\"url\":\"https:\\\/\\\/debiestraatseweide.nl\\\/wp-content\\\/uploads\\\/2025\\\/04\\\/familie-van-hoek-bed-and-breakfast-de-biestraatse-weide-in-gilze.jpg\",\"contentUrl\":\"https:\\\/\\\/debiestraatseweide.nl\\\/wp-content\\\/uploads\\\/2025\\\/04\\\/familie-van-hoek-bed-and-breakfast-de-biestraatse-weide-in-gilze.jpg\"},{\"@type\":\"BreadcrumbList\",\"@id\":\"https:\\\/\\\/debiestraatseweide.nl\\\/de\\\/ueber-uns\\\/#breadcrumb\",\"itemListElement\":[{\"@type\":\"ListItem\",\"position\":1,\"name\":\"Home\",\"item\":\"https:\\\/\\\/debiestraatseweide.nl\\\/de\\\/startseite\\\/\"},{\"@type\":\"ListItem\",\"position\":2,\"name\":\"\u00dcber uns\"}]},{\"@type\":\"WebSite\",\"@id\":\"https:\\\/\\\/debiestraatseweide.nl\\\/de\\\/#website\",\"url\":\"https:\\\/\\\/debiestraatseweide.nl\\\/de\\\/\",\"name\":\"B&B De Biestraatseweide\",\"description\":\"\",\"publisher\":{\"@id\":\"https:\\\/\\\/debiestraatseweide.nl\\\/de\\\/#organization\"},\"potentialAction\":[{\"@type\":\"SearchAction\",\"target\":{\"@type\":\"EntryPoint\",\"urlTemplate\":\"https:\\\/\\\/debiestraatseweide.nl\\\/de\\\/?s={search_term_string}\"},\"query-input\":{\"@type\":\"PropertyValueSpecification\",\"valueRequired\":true,\"valueName\":\"search_term_string\"}}],\"inLanguage\":\"de\"},{\"@type\":\"Organization\",\"@id\":\"https:\\\/\\\/debiestraatseweide.nl\\\/de\\\/#organization\",\"name\":\"B&B De Biestraatseweide\",\"url\":\"https:\\\/\\\/debiestraatseweide.nl\\\/de\\\/\",\"logo\":{\"@type\":\"ImageObject\",\"inLanguage\":\"de\",\"@id\":\"https:\\\/\\\/debiestraatseweide.nl\\\/de\\\/#\\\/schema\\\/logo\\\/image\\\/\",\"url\":\"https:\\\/\\\/debiestraatseweide.nl\\\/wp-content\\\/uploads\\\/2024\\\/11\\\/logo-bb-bed-and-breakfast-de-biestraatseweide-gilze.png\",\"contentUrl\":\"https:\\\/\\\/debiestraatseweide.nl\\\/wp-content\\\/uploads\\\/2024\\\/11\\\/logo-bb-bed-and-breakfast-de-biestraatseweide-gilze.png\",\"width\":420,\"height\":319,\"caption\":\"B&B De Biestraatseweide\"},\"image\":{\"@id\":\"https:\\\/\\\/debiestraatseweide.nl\\\/de\\\/#\\\/schema\\\/logo\\\/image\\\/\"}}]}<\/script>\n<!-- \/ Yoast SEO plugin. -->","yoast_head_json":{"title":"\u00dcber Familie van Hoek | B&B de Biestraatse Weide in Gilze","description":"Wir sind Rianne und Adriaan und wir sind die 4. Generation der Familie van Hoek, die auf dem Bauernhof de Biestraatse Weide lebt. Lernen Sie es kennen!","robots":{"index":"index","follow":"follow","max-snippet":"max-snippet:-1","max-image-preview":"max-image-preview:large","max-video-preview":"max-video-preview:-1"},"canonical":"https:\/\/debiestraatseweide.nl\/de\/ueber-uns\/","og_locale":"de_DE","og_type":"article","og_title":"\u00dcber Familie van Hoek | B&B de Biestraatse Weide in Gilze","og_description":"Wir sind Rianne und Adriaan und wir sind die 4. Generation der Familie van Hoek, die auf dem Bauernhof de Biestraatse Weide lebt. Lernen Sie es kennen!","og_url":"https:\/\/debiestraatseweide.nl\/de\/ueber-uns\/","og_site_name":"B&amp;B De Biestraatseweide","article_modified_time":"2025-10-07T14:21:36+00:00","og_image":[{"width":800,"height":533,"url":"https:\/\/debiestraatseweide.nl\/wp-content\/uploads\/2025\/04\/familie-van-hoek-bed-and-breakfast-de-biestraatse-weide-in-gilze.jpg","type":"image\/jpeg"}],"twitter_card":"summary_large_image","twitter_misc":{"Gesch\u00e4tzte Lesezeit":"2\u00a0Minuten"},"schema":{"@context":"https:\/\/schema.org","@graph":[{"@type":"WebPage","@id":"https:\/\/debiestraatseweide.nl\/de\/ueber-uns\/","url":"https:\/\/debiestraatseweide.nl\/de\/ueber-uns\/","name":"\u00dcber Familie van Hoek | B&B de Biestraatse Weide in Gilze","isPartOf":{"@id":"https:\/\/debiestraatseweide.nl\/de\/#website"},"primaryImageOfPage":{"@id":"https:\/\/debiestraatseweide.nl\/de\/ueber-uns\/#primaryimage"},"image":{"@id":"https:\/\/debiestraatseweide.nl\/de\/ueber-uns\/#primaryimage"},"thumbnailUrl":"https:\/\/debiestraatseweide.nl\/wp-content\/uploads\/2025\/04\/familie-van-hoek-bed-and-breakfast-de-biestraatse-weide-in-gilze.jpg","datePublished":"2024-12-03T13:58:11+00:00","dateModified":"2025-10-07T14:21:36+00:00","description":"Wir sind Rianne und Adriaan und wir sind die 4. Generation der Familie van Hoek, die auf dem Bauernhof de Biestraatse Weide lebt. Lernen Sie es kennen!","breadcrumb":{"@id":"https:\/\/debiestraatseweide.nl\/de\/ueber-uns\/#breadcrumb"},"inLanguage":"de","potentialAction":[{"@type":"ReadAction","target":["https:\/\/debiestraatseweide.nl\/de\/ueber-uns\/"]}]},{"@type":"ImageObject","inLanguage":"de","@id":"https:\/\/debiestraatseweide.nl\/de\/ueber-uns\/#primaryimage","url":"https:\/\/debiestraatseweide.nl\/wp-content\/uploads\/2025\/04\/familie-van-hoek-bed-and-breakfast-de-biestraatse-weide-in-gilze.jpg","contentUrl":"https:\/\/debiestraatseweide.nl\/wp-content\/uploads\/2025\/04\/familie-van-hoek-bed-and-breakfast-de-biestraatse-weide-in-gilze.jpg"},{"@type":"BreadcrumbList","@id":"https:\/\/debiestraatseweide.nl\/de\/ueber-uns\/#breadcrumb","itemListElement":[{"@type":"ListItem","position":1,"name":"Home","item":"https:\/\/debiestraatseweide.nl\/de\/startseite\/"},{"@type":"ListItem","position":2,"name":"\u00dcber uns"}]},{"@type":"WebSite","@id":"https:\/\/debiestraatseweide.nl\/de\/#website","url":"https:\/\/debiestraatseweide.nl\/de\/","name":"B&B De Biestraatseweide","description":"","publisher":{"@id":"https:\/\/debiestraatseweide.nl\/de\/#organization"},"potentialAction":[{"@type":"SearchAction","target":{"@type":"EntryPoint","urlTemplate":"https:\/\/debiestraatseweide.nl\/de\/?s={search_term_string}"},"query-input":{"@type":"PropertyValueSpecification","valueRequired":true,"valueName":"search_term_string"}}],"inLanguage":"de"},{"@type":"Organization","@id":"https:\/\/debiestraatseweide.nl\/de\/#organization","name":"B&B De Biestraatseweide","url":"https:\/\/debiestraatseweide.nl\/de\/","logo":{"@type":"ImageObject","inLanguage":"de","@id":"https:\/\/debiestraatseweide.nl\/de\/#\/schema\/logo\/image\/","url":"https:\/\/debiestraatseweide.nl\/wp-content\/uploads\/2024\/11\/logo-bb-bed-and-breakfast-de-biestraatseweide-gilze.png","contentUrl":"https:\/\/debiestraatseweide.nl\/wp-content\/uploads\/2024\/11\/logo-bb-bed-and-breakfast-de-biestraatseweide-gilze.png","width":420,"height":319,"caption":"B&B De Biestraatseweide"},"image":{"@id":"https:\/\/debiestraatseweide.nl\/de\/#\/schema\/logo\/image\/"}}]}},"_links":{"self":[{"href":"https:\/\/debiestraatseweide.nl\/de\/wp-json\/wp\/v2\/pages\/983","targetHints":{"allow":["GET"]}}],"collection":[{"href":"https:\/\/debiestraatseweide.nl\/de\/wp-json\/wp\/v2\/pages"}],"about":[{"href":"https:\/\/debiestraatseweide.nl\/de\/wp-json\/wp\/v2\/types\/page"}],"author":[{"embeddable":true,"href":"https:\/\/debiestraatseweide.nl\/de\/wp-json\/wp\/v2\/users\/3"}],"replies":[{"embeddable":true,"href":"https:\/\/debiestraatseweide.nl\/de\/wp-json\/wp\/v2\/comments?post=983"}],"version-history":[{"count":0,"href":"https:\/\/debiestraatseweide.nl\/de\/wp-json\/wp\/v2\/pages\/983\/revisions"}],"wp:attachment":[{"href":"https:\/\/debiestraatseweide.nl\/de\/wp-json\/wp\/v2\/media?parent=983"}],"curies":[{"name":"wp","href":"https:\/\/api.w.org\/{rel}","templated":true}]}}